{"id":94,"date":"2014-02-19T13:50:57","date_gmt":"2014-02-19T11:50:57","guid":{"rendered":"http:\/\/waldmusik.de\/?page_id=94"},"modified":"2024-08-03T08:57:27","modified_gmt":"2024-08-03T06:57:27","slug":"agb-und-preise","status":"publish","type":"page","link":"https:\/\/waldmusik.de\/?page_id=94","title":{"rendered":"AGB und Preise"},"content":{"rendered":"<div id=\"txt_35\">\n<h2>Gesch\u00e4ftsbedingungen &amp; Preise<\/h2>\n<ol>\n<li>F\u00e4cherangebot Das F\u00e4cherangebot entnehmen sie bitte unserer Hompage www.waldmusik.de oder aus unserem Flyer.<\/li>\n<li>Anmeldung Anmeldungen werden das ganze Schuljahr entgegen genommen. Unterrichtsbeginn der n\u00e4chste Monatserste. Abmeldungen werden jederzeit entgegen genommen und gelten ab dem n\u00e4chsten Monatsersten.<\/li>\n<li>Unterrichtsform In der Regel wird Einzelunterricht abgehalten. In einzelnen F\u00e4llen kann den W\u00fcnschen der Sch\u00fcler nach einer anderen Unterrichtsform entsprochen werden. Ensemblespiel und Bandproben bilden eine Ausnahme. Der Unterricht wird w\u00e4hrend der Schulzeit der allgemeinen Schulen erteilt. Der Unterricht ruht w\u00e4hrend der allgemeinen Schulferien und an gesetzlichen Feiertagen.<\/li>\n<li>Unterrichtsausfall Vers\u00e4umnisse des Unterrichts seitens der Sch\u00fcler begr\u00fcnden keinen Anspruch auf R\u00fcckzahlung der Unterrichtsgeb\u00fchr. Ausnahmen werden mit der betreffenden Lehrkraft besprochen. ( z. B. im Krankheitsfall ) Ausgefallene Stunden seitens der Lehrer, werden nachgeholt.<\/li>\n<li>Unterrichtsgeb\u00fchren<\/li>\n<li>Die Geb\u00fchren sind monatlich f\u00e4llig. Sie werden jeweils am Monatsersten zu den Unterrichts- aber auch zu den \u00a0Ferienzeiten eingezogen. Die Geb\u00fchren verstehen sich incl. der gesetzlichen Steuerabgaben. \u00bd Stunde Einzelunterricht pro Woche wird ein monatlicher Beitrag von 65 \u20ac erhoben. \u00be Stunde Einzelunterricht pro Woche wird ein monatlicher Beitrag von 85 \u20ac erhoben. F\u00fcr alle anderen Kursangebote, sei es Einzel- oder Gruppenunterricht, wird mit den Teilnehmern \u00fcber die H\u00f6he der Geb\u00fchren je nach Art des Unterrichts entschieden.<\/li>\n<li>Geb\u00fchrenerm\u00e4\u00dfigung Falls mehrere Mitglieder einer Familie den Unterricht am Liam besuchen, erm\u00e4\u00dfigen sich die Geb\u00fchren wie folgt: f\u00fcr das Kind mit der zweith\u00f6chsten Geb\u00fchr um 10 % f\u00fcr das Kind mit der dritth\u00f6chsten Geb\u00fchr \u00a0um 15 % f\u00fcr Behinderte und sonstig Gehandicapte \u00a0um 15 %<\/li>\n<\/ol>\n<p>&nbsp;<\/p>\n<p><strong>LIAM Lehrinstitut f\u00fcr Angewandte Musik,<\/strong><br \/>\n<strong>Pfingstreiterstr. 5,<\/strong><br \/>\n<strong>93444 Bad K\u00f6tzting<\/strong><\/p>\n<p><strong>Tel.: 09941 \u2013 906662<\/strong><br \/>\n<strong>Handy: 0172 \u2013 8605547<\/strong><\/p>\n<p><strong>Email: sigilee@web.de<\/strong><\/p>\n<p><strong>www.waldmusik.de<\/strong><\/p>\n<\/div>\n","protected":false},"excerpt":{"rendered":"<p>Gesch\u00e4ftsbedingungen &amp; Preise F\u00e4cherangebot Das F\u00e4cherangebot entnehmen sie bitte unserer Hompage www.waldmusik.de oder aus unserem Flyer. Anmeldung Anmeldungen werden das ganze Schuljahr entgegen genommen. Unterrichtsbeginn der n\u00e4chste Monatserste. Abmeldungen werden jederzeit entgegen genommen und gelten ab dem n\u00e4chsten Monatsersten. Unterrichtsform In der Regel wird Einzelunterricht abgehalten. In einzelnen F\u00e4llen kann den W\u00fcnschen der Sch\u00fcler nach [&hellip;]<\/p>\n","protected":false},"author":2,"featured_media":0,"parent":44,"menu_order":0,"comment_status":"open","ping_status":"open","template":"","meta":{"footnotes":""},"class_list":["post-94","page","type-page","status-publish","czr-hentry"],"_links":{"self":[{"href":"https:\/\/waldmusik.de\/index.php?rest_route=\/wp\/v2\/pages\/94","targetHints":{"allow":["GET"]}}],"collection":[{"href":"https:\/\/waldmusik.de\/index.php?rest_route=\/wp\/v2\/pages"}],"about":[{"href":"https:\/\/waldmusik.de\/index.php?rest_route=\/wp\/v2\/types\/page"}],"author":[{"embeddable":true,"href":"https:\/\/waldmusik.de\/index.php?rest_route=\/wp\/v2\/users\/2"}],"replies":[{"embeddable":true,"href":"https:\/\/waldmusik.de\/index.php?rest_route=%2Fwp%2Fv2%2Fcomments&post=94"}],"version-history":[{"count":5,"href":"https:\/\/waldmusik.de\/index.php?rest_route=\/wp\/v2\/pages\/94\/revisions"}],"predecessor-version":[{"id":832,"href":"https:\/\/waldmusik.de\/index.php?rest_route=\/wp\/v2\/pages\/94\/revisions\/832"}],"up":[{"embeddable":true,"href":"https:\/\/waldmusik.de\/index.php?rest_route=\/wp\/v2\/pages\/44"}],"wp:attachment":[{"href":"https:\/\/waldmusik.de\/index.php?rest_route=%2Fwp%2Fv2%2Fmedia&parent=94"}],"curies":[{"name":"wp","href":"https:\/\/api.w.org\/{rel}","templated":true}]}}